{"version":"1.0","provider_name":"insight7","provider_url":"https:\/\/wordpress.hak-steyr.at\/insight7","author_name":"Redakteur.in Insight7","author_url":"https:\/\/wordpress.hak-steyr.at\/insight7\/author\/redakteurin-insight7\/","title":"Sch\u00f6ne Herbstferien! - insight7","type":"rich","width":600,"height":338,"html":"<blockquote class=\"wp-embedded-content\" data-secret=\"e4tEoH5X0C\"><a href=\"https:\/\/wordpress.hak-steyr.at\/insight7\/2021\/10\/25\/schoene-herbstferien\/\">Sch\u00f6ne Herbstferien!<\/a><\/blockquote><iframe sandbox=\"allow-scripts\" security=\"restricted\" src=\"https:\/\/wordpress.hak-steyr.at\/insight7\/2021\/10\/25\/schoene-herbstferien\/embed\/#?secret=e4tEoH5X0C\" width=\"600\" height=\"338\" title=\"&#8222;Sch\u00f6ne Herbstferien!&#8220; &#8211; insight7\" data-secret=\"e4tEoH5X0C\" frameborder=\"0\" marginwidth=\"0\" marginheight=\"0\" scrolling=\"no\" class=\"wp-embedded-content\"><\/iframe><script type=\"text\/javascript\">\n\/* <![CDATA[ *\/\n\/*! This file is auto-generated *\/\n!function(d,l){\"use strict\";l.querySelector&&d.addEventListener&&\"undefined\"!=typeof URL&&(d.wp=d.wp||{},d.wp.receiveEmbedMessage||(d.wp.receiveEmbedMessage=function(e){var t=e.data;if((t||t.secret||t.message||t.value)&&!\/[^a-zA-Z0-9]\/.test(t.secret)){for(var s,r,n,a=l.querySelectorAll('iframe[data-secret=\"'+t.secret+'\"]'),o=l.querySelectorAll('blockquote[data-secret=\"'+t.secret+'\"]'),c=new RegExp(\"^https?:$\",\"i\"),i=0;i<o.length;i++)o[i].style.display=\"none\";for(i=0;i<a.length;i++)s=a[i],e.source===s.contentWindow&&(s.removeAttribute(\"style\"),\"height\"===t.message?(1e3<(r=parseInt(t.value,10))?r=1e3:~~r<200&&(r=200),s.height=r):\"link\"===t.message&&(r=new URL(s.getAttribute(\"src\")),n=new URL(t.value),c.test(n.protocol))&&n.host===r.host&&l.activeElement===s&&(d.top.location.href=t.value))}},d.addEventListener(\"message\",d.wp.receiveEmbedMessage,!1),l.addEventListener(\"DOMContentLoaded\",function(){for(var e,t,s=l.querySelectorAll(\"iframe.wp-embedded-content\"),r=0;r<s.length;r++)(t=(e=s[r]).getAttribute(\"data-secret\"))||(t=Math.random().toString(36).substring(2,12),e.src+=\"#?secret=\"+t,e.setAttribute(\"data-secret\",t)),e.contentWindow.postMessage({message:\"ready\",secret:t},\"*\")},!1)))}(window,document);\n\/* ]]> *\/\n<\/script>\n","thumbnail_url":"https:\/\/wordpress.hak-steyr.at\/insight7\/wp-content\/uploads\/2021\/10\/Herbst.jpg","thumbnail_width":640,"thumbnail_height":480,"description":"Endlich! Die ersten Ferien! Wir w\u00fcnschen euch sch\u00f6ne und erholsame Herbstferien! Schlaft euch aus und genie\u00dft die freie Zeit. Kommt entspannt und gesund wieder in die Schule. Bei Langeweile k\u00f6nnt ihr gerne bei unseren Zeitungsartikeln vorbeischauen. Vielleicht ist ja f\u00fcr euch was dabei \ud83d\ude42 Euer Redaktionsteam"}